{"id":5857,"date":"2022-05-27T08:51:53","date_gmt":"2022-05-27T08:51:53","guid":{"rendered":"https:\/\/centrodearteoliva.pt\/exposicao\/sergio-fernandes-fundo-sem-fundo-sergio-fernandes-endless-depths\/"},"modified":"2023-12-18T11:39:14","modified_gmt":"2023-12-18T11:39:14","slug":"sergio-fernandes-fundo-sem-fundo-sergio-fernandes-endless-depths","status":"publish","type":"exposicao","link":"https:\/\/centrodearteoliva.pt\/en\/exhibition\/sergio-fernandes-fundo-sem-fundo-sergio-fernandes-endless-depths\/","title":{"rendered":"S\u00e9rgio Fernandes: Fundo sem fundo [S\u00e9rgio Fernandes: Endless depths]"},"template":"","categories":[],"class_list":["post-5857","exposicao","type-exposicao","status-publish","hentry"],"acf":{"highlight__homepage_image":4603,"highlight__homepage_fg_color":"black","highlight__thumbnail":4428,"metadata__image":false,"hero_image":4432,"exhib__booklet_image":false,"exhib__room-sheet_image":4411,"hero_image_or_slideshow":false,"exhib__blocks":{"flx_lyt":[{"acf_fc_layout":"flx_lyt__text","flx_lyt__text":"<p><em>Fundo sem fundo [Endless depths]<\/em> presents more than thirty paintings created by S\u00e9rgio Fernandes in the framework of an artistic and research project dedicated to colour and visual perception. The exhibition displays works produced between 2021 and 2022, during the residency organised between his atelier and the Centro de Arte Oliva during which he extended work that he has been developing within the field of abstract painting, solely using a reduced chromatic range, concentrating primarily on reds, violets, blues and dark greens. The large rectangular compositions are structured in different areas of colour, that reveal effects of greater density or more atmospheric elements, involving almost imperceptible transitions. The spectator can see the result of the interaction of the pigments and the overlapping of different layers of colours and glazing, that give rise to other colours, which change in function of the light that falls on them and the spectator\u2019s position.   <\/p>\n"},{"acf_fc_layout":"flx_lyt__text_small","flx_lyt__text_small":"<p>The exhibition is supported by DGARTES\/Portuguese Republic. Held in partnership with the Art Center of S. Jo\u00e3o da Madeira\/Associa\u00e7\u00e3o Al\u00e3o de Morais.<\/p>\n"},{"acf_fc_layout":"flx_lyt__text_small","flx_lyt__text_small":"<p><strong>SIDE PROGRAM<br \/>\n<\/strong><\/p>\n<p>Guided tour with the artist<br \/>\n18 June | 6:00pm<br \/>\n<a href=\"https:\/\/centrodearteoliva.pt\/atividade\/visitas-a-hora-certa\/\">Visits guided<\/a> by the Educational Project<br \/>\n19 June | 17 July | 4 September | 3:00 pm<br \/>\nArtistic workshops with the artist within the scope of <a href=\"https:\/\/centrodearteoliva.pt\/atividade\/oficinas-de-exploracao-artistica\/\">Oficinas de explora\u00e7\u00e3o art\u00edstica<\/a><br \/>\n25th and 26th of July<br \/>\n<a href=\"https:\/\/centrodearteoliva.pt\/atividade\/conversa-com-sergio-fernandes\/\">Artist talk<\/a><br \/>\n23 September | 7:00pm<\/p>\n"},{"acf_fc_layout":"flx_lyt__text_small","flx_lyt__text_small":"<p><strong>S\u00e9rgio Fernandes<\/strong> (1985) has a B.A. degree in Visual Arts from the Faculty of Fine Arts of the University of Lisbon (2008) and a postgraduate degree in Visual Arts\/Visual Poetics from the School of Arts and Communication of the University of S\u00e3o Paulo (2012). In 2016 he attended an artistic residency at PIV\u00d4 Arte e Pesquisa, in S\u00e3o Paulo. His artistic research explores the direct relationship between light and colour and how this relationship is transposed to painting. He primarily works on large-scale oil paintings. His gouache works on paper present a more intimate side of his pictorial research. Solo exhibitions (selection): \u201cInside Here there are no stars\u201d, Kubikgallery, Porto (2019); \u201cUm Blue\u201d, Centro de Arte de Ponte de S\u00f4r (2018), \u201cSolitude\u201d, Kubikgallery, Porto (2016); \u201cThings Behind Somewhere\u201d, Espa\u00e7o Cultural Merc\u00eas, Lisbon (2014); \u201cO Homem Impulsivo\u201d (The Impulsive Man), Orfeu Bookshop, Brussels (2009).     <\/p>\n<p><strong>Andreia Magalh\u00e3es<\/strong> is a collection manager, programmer and exhibition producer. In Portugal, she has worked at Museu da Faculdade de Belas Artes, Museu Nacional de Soares dos Reis and the Serralves Museum of Contemporary Art. Magalh\u00e3es also worked at the Netherlands Media Art Institute \/MonteVideo, Museo Nacional Centro de Arte Reina Sofia, Museum of Modern Art New York and San Francisco and the Museum of Contemporary Art of the University of S\u00e3o Paulo. She has a PhD from the Faculty of Fine Arts of the University of Porto, having developed part of the doctoral program at the Museum of Modern Art in New York. She is an Associate Guest Lecturer at the Faculty of Fine Arts of the University of Porto.<\/p>\n"},{"acf_fc_layout":"flx_lyt__localvideo","flx_lyt__width":"medium","flx_lyt__localvideo__caption":"Visit to the exhibition by curator Andreia Magalh\u00e3es and artist S\u00e9rgio Fernandes","flx_lyt__localvideo__image":false,"flx_lyt__localvideo__video":"https:\/\/centrodearteoliva.pt\/wp-content\/uploads\/2022\/05\/Fundo-sem-Fundo-Se\u0301rgio-Fernandes-16.9.mp4"},{"acf_fc_layout":"flx_lyt__simple_slideshow","flx_lyt__width":"medium","flx_lyt__simple_slideshow":[{"ID":4423,"id":4423,"title":"_DIN9163-Editar_sergio fernandes","filename":"din9163-editar-sergio-fernandes.jpg","filesize":1022624,"url":"https:\/\/centrodearteoliva.pt\/wp-content\/uploads\/2022\/05\/din9163-editar-sergio-fernandes.jpg","link":"https:\/\/centrodearteoliva.pt\/en\/din9163-editar-sergio-fernandes-2\/","alt":"","author":"3","description":"","caption":"","name":"din9163-editar-sergio-fernandes-2","status":"inherit","uploaded_to":0,"date":"2022-07-05 09:55:36","modified":"2023-12-11 15:22:38","menu_order":0,"mime_type":"image\/jpeg","type":"image","subtype":"jpeg","icon":"https:\/\/centrodearteoliva.pt\/wp-includes\/images\/media\/default.png","width":2048,"height":1366,"sizes":{"thumbnail":"https:\/\/centrodearteoliva.pt\/wp-content\/uploads\/2022\/05\/din9163-editar-sergio-fernandes-150x150.jpg","thumbnail-width":150,"thumbnail-height":150,"medium":"https:\/\/centrodearteoliva.pt\/wp-content\/uploads\/2022\/05\/din9163-editar-sergio-fernandes-300x200.jpg","medium-width":300,"medium-height":200,"medium_large":"https:\/\/centrodearteoliva.pt\/wp-content\/uploads\/2022\/05\/din9163-editar-sergio-fernandes-768x512.jpg","medium_large-width":640,"medium_large-height":427,"large":"https:\/\/centrodearteoliva.pt\/wp-content\/uploads\/2022\/05\/din9163-editar-sergio-fernandes-1024x683.jpg","large-width":640,"large-height":427,"1536x1536":"https:\/\/centrodearteoliva.pt\/wp-content\/uploads\/2022\/05\/din9163-editar-sergio-fernandes-1536x1025.jpg","1536x1536-width":1536,"1536x1536-height":1025,"2048x2048":"https:\/\/centrodearteoliva.pt\/wp-content\/uploads\/2022\/05\/din9163-editar-sergio-fernandes.jpg","2048x2048-width":2048,"2048x2048-height":1366,"size_4k":"https:\/\/centrodearteoliva.pt\/wp-content\/uploads\/2022\/05\/din9163-editar-sergio-fernandes.jpg","size_4k-width":2048,"size_4k-height":1366,"size_xxl":"https:\/\/centrodearteoliva.pt\/wp-content\/uploads\/2022\/05\/din9163-editar-sergio-fernandes-1920x1281.jpg","size_xxl-width":1920,"size_xxl-height":1281,"size_xl":"https:\/\/centrodearteoliva.pt\/wp-content\/uploads\/2022\/05\/din9163-editar-sergio-fernandes-1200x800.jpg","size_xl-width":1200,"size_xl-height":800,"size_lg":"https:\/\/centrodearteoliva.pt\/wp-content\/uploads\/2022\/05\/din9163-editar-sergio-fernandes-992x662.jpg","size_lg-width":992,"size_lg-height":662,"square":"https:\/\/centrodearteoliva.pt\/wp-content\/uploads\/2022\/05\/din9163-editar-sergio-fernandes-600x600.jpg","square-width":600,"square-height":600,"size_md":"https:\/\/centrodearteoliva.pt\/wp-content\/uploads\/2022\/05\/din9163-editar-sergio-fernandes-768x512.jpg","size_md-width":768,"size_md-height":512,"size_sm":"https:\/\/centrodearteoliva.pt\/wp-content\/uploads\/2022\/05\/din9163-editar-sergio-fernandes-576x384.jpg","size_sm-width":576,"size_sm-height":384,"size_small":"https:\/\/centrodearteoliva.pt\/wp-content\/uploads\/2022\/05\/din9163-editar-sergio-fernandes-300x200.jpg","size_small-width":300,"size_small-height":200}},{"ID":4424,"id":4424,"title":"_DIN9166-Editar_sergio fernandes","filename":"din9166-editar-sergio-fernandes.jpg","filesize":782108,"url":"https:\/\/centrodearteoliva.pt\/wp-content\/uploads\/2022\/05\/din9166-editar-sergio-fernandes.jpg","link":"https:\/\/centrodearteoliva.pt\/en\/din9166-editar-sergio-fernandes-2\/","alt":"","author":"3","description":"","caption":"","name":"din9166-editar-sergio-fernandes-2","status":"inherit","uploaded_to":0,"date":"2022-07-05 09:55:38","modified":"2023-12-11 15:22:38","menu_order":0,"mime_type":"image\/jpeg","type":"image","subtype":"jpeg","icon":"https:\/\/centrodearteoliva.pt\/wp-includes\/images\/media\/default.png","width":2048,"height":1366,"sizes":{"thumbnail":"https:\/\/centrodearteoliva.pt\/wp-content\/uploads\/2022\/05\/din9166-editar-sergio-fernandes-150x150.jpg","thumbnail-width":150,"thumbnail-height":150,"medium":"https:\/\/centrodearteoliva.pt\/wp-content\/uploads\/2022\/05\/din9166-editar-sergio-fernandes-300x200.jpg","medium-width":300,"medium-height":200,"medium_large":"https:\/\/centrodearteoliva.pt\/wp-content\/uploads\/2022\/05\/din9166-editar-sergio-fernandes-768x512.jpg","medium_large-width":640,"medium_large-height":427,"large":"https:\/\/centrodearteoliva.pt\/wp-content\/uploads\/2022\/05\/din9166-editar-sergio-fernandes-1024x683.jpg","large-width":640,"large-height":427,"1536x1536":"https:\/\/centrodearteoliva.pt\/wp-content\/uploads\/2022\/05\/din9166-editar-sergio-fernandes-1536x1025.jpg","1536x1536-width":1536,"1536x1536-height":1025,"2048x2048":"https:\/\/centrodearteoliva.pt\/wp-content\/uploads\/2022\/05\/din9166-editar-sergio-fernandes.jpg","2048x2048-width":2048,"2048x2048-height":1366,"size_4k":"https:\/\/centrodearteoliva.pt\/wp-content\/uploads\/2022\/05\/din9166-editar-sergio-fernandes.jpg","size_4k-width":2048,"size_4k-height":1366,"size_xxl":"https:\/\/centrodearteoliva.pt\/wp-content\/uploads\/2022\/05\/din9166-editar-sergio-fernandes-1920x1281.jpg","size_xxl-width":1920,"size_xxl-height":1281,"size_xl":"https:\/\/centrodearteoliva.pt\/wp-content\/uploads\/2022\/05\/din9166-editar-sergio-fernandes-1200x800.jpg","size_xl-width":1200,"size_xl-height":800,"size_lg":"https:\/\/centrodearteoliva.pt\/wp-content\/uploads\/2022\/05\/din9166-editar-sergio-fernandes-992x662.jpg","size_lg-width":992,"size_lg-height":662,"square":"https:\/\/centrodearteoliva.pt\/wp-content\/uploads\/2022\/05\/din9166-editar-sergio-fernandes-600x600.jpg","square-width":600,"square-height":600,"size_md":"https:\/\/centrodearteoliva.pt\/wp-content\/uploads\/2022\/05\/din9166-editar-sergio-fernandes-768x512.jpg","size_md-width":768,"size_md-height":512,"size_sm":"https:\/\/centrodearteoliva.pt\/wp-content\/uploads\/2022\/05\/din9166-editar-sergio-fernandes-576x384.jpg","size_sm-width":576,"size_sm-height":384,"size_small":"https:\/\/centrodearteoliva.pt\/wp-content\/uploads\/2022\/05\/din9166-editar-sergio-fernandes-300x200.jpg","size_small-width":300,"size_small-height":200}},{"ID":4425,"id":4425,"title":"_DIN9248-Editar_sergio fernandes","filename":"din9248-editar-sergio-fernandes.jpg","filesize":867986,"url":"https:\/\/centrodearteoliva.pt\/wp-content\/uploads\/2022\/05\/din9248-editar-sergio-fernandes.jpg","link":"https:\/\/centrodearteoliva.pt\/en\/din9248-editar-sergio-fernandes-2\/","alt":"","author":"3","description":"","caption":"","name":"din9248-editar-sergio-fernandes-2","status":"inherit","uploaded_to":0,"date":"2022-07-05 09:55:40","modified":"2023-12-11 15:22:38","menu_order":0,"mime_type":"image\/jpeg","type":"image","subtype":"jpeg","icon":"https:\/\/centrodearteoliva.pt\/wp-includes\/images\/media\/default.png","width":2048,"height":1366,"sizes":{"thumbnail":"https:\/\/centrodearteoliva.pt\/wp-content\/uploads\/2022\/05\/din9248-editar-sergio-fernandes-150x150.jpg","thumbnail-width":150,"thumbnail-height":150,"medium":"https:\/\/centrodearteoliva.pt\/wp-content\/uploads\/2022\/05\/din9248-editar-sergio-fernandes-300x200.jpg","medium-width":300,"medium-height":200,"medium_large":"https:\/\/centrodearteoliva.pt\/wp-content\/uploads\/2022\/05\/din9248-editar-sergio-fernandes-768x512.jpg","medium_large-width":640,"medium_large-height":427,"large":"https:\/\/centrodearteoliva.pt\/wp-content\/uploads\/2022\/05\/din9248-editar-sergio-fernandes-1024x683.jpg","large-width":640,"large-height":427,"1536x1536":"https:\/\/centrodearteoliva.pt\/wp-content\/uploads\/2022\/05\/din9248-editar-sergio-fernandes-1536x1025.jpg","1536x1536-width":1536,"1536x1536-height":1025,"2048x2048":"https:\/\/centrodearteoliva.pt\/wp-content\/uploads\/2022\/05\/din9248-editar-sergio-fernandes.jpg","2048x2048-width":2048,"2048x2048-height":1366,"size_4k":"https:\/\/centrodearteoliva.pt\/wp-content\/uploads\/2022\/05\/din9248-editar-sergio-fernandes.jpg","size_4k-width":2048,"size_4k-height":1366,"size_xxl":"https:\/\/centrodearteoliva.pt\/wp-content\/uploads\/2022\/05\/din9248-editar-sergio-fernandes-1920x1281.jpg","size_xxl-width":1920,"size_xxl-height":1281,"size_xl":"https:\/\/centrodearteoliva.pt\/wp-content\/uploads\/2022\/05\/din9248-editar-sergio-fernandes-1200x800.jpg","size_xl-width":1200,"size_xl-height":800,"size_lg":"https:\/\/centrodearteoliva.pt\/wp-content\/uploads\/2022\/05\/din9248-editar-sergio-fernandes-992x662.jpg","size_lg-width":992,"size_lg-height":662,"square":"https:\/\/centrodearteoliva.pt\/wp-content\/uploads\/2022\/05\/din9248-editar-sergio-fernandes-600x600.jpg","square-width":600,"square-height":600,"size_md":"https:\/\/centrodearteoliva.pt\/wp-content\/uploads\/2022\/05\/din9248-editar-sergio-fernandes-768x512.jpg","size_md-width":768,"size_md-height":512,"size_sm":"https:\/\/centrodearteoliva.pt\/wp-content\/uploads\/2022\/05\/din9248-editar-sergio-fernandes-576x384.jpg","size_sm-width":576,"size_sm-height":384,"size_small":"https:\/\/centrodearteoliva.pt\/wp-content\/uploads\/2022\/05\/din9248-editar-sergio-fernandes-300x200.jpg","size_small-width":300,"size_small-height":200}},{"ID":4426,"id":4426,"title":"_DIN9253-Editar_sergio fernandes","filename":"din9253-editar-sergio-fernandes.jpg","filesize":1170857,"url":"https:\/\/centrodearteoliva.pt\/wp-content\/uploads\/2022\/05\/din9253-editar-sergio-fernandes.jpg","link":"https:\/\/centrodearteoliva.pt\/en\/din9253-editar-sergio-fernandes-3\/","alt":"","author":"3","description":"","caption":"","name":"din9253-editar-sergio-fernandes-3","status":"inherit","uploaded_to":0,"date":"2022-07-05 09:55:44","modified":"2023-12-11 15:22:38","menu_order":0,"mime_type":"image\/jpeg","type":"image","subtype":"jpeg","icon":"https:\/\/centrodearteoliva.pt\/wp-includes\/images\/media\/default.png","width":2048,"height":1366,"sizes":{"thumbnail":"https:\/\/centrodearteoliva.pt\/wp-content\/uploads\/2022\/05\/din9253-editar-sergio-fernandes-150x150.jpg","thumbnail-width":150,"thumbnail-height":150,"medium":"https:\/\/centrodearteoliva.pt\/wp-content\/uploads\/2022\/05\/din9253-editar-sergio-fernandes-300x200.jpg","medium-width":300,"medium-height":200,"medium_large":"https:\/\/centrodearteoliva.pt\/wp-content\/uploads\/2022\/05\/din9253-editar-sergio-fernandes-768x512.jpg","medium_large-width":640,"medium_large-height":427,"large":"https:\/\/centrodearteoliva.pt\/wp-content\/uploads\/2022\/05\/din9253-editar-sergio-fernandes-1024x683.jpg","large-width":640,"large-height":427,"1536x1536":"https:\/\/centrodearteoliva.pt\/wp-content\/uploads\/2022\/05\/din9253-editar-sergio-fernandes-1536x1025.jpg","1536x1536-width":1536,"1536x1536-height":1025,"2048x2048":"https:\/\/centrodearteoliva.pt\/wp-content\/uploads\/2022\/05\/din9253-editar-sergio-fernandes.jpg","2048x2048-width":2048,"2048x2048-height":1366,"size_4k":"https:\/\/centrodearteoliva.pt\/wp-content\/uploads\/2022\/05\/din9253-editar-sergio-fernandes.jpg","size_4k-width":2048,"size_4k-height":1366,"size_xxl":"https:\/\/centrodearteoliva.pt\/wp-content\/uploads\/2022\/05\/din9253-editar-sergio-fernandes-1920x1281.jpg","size_xxl-width":1920,"size_xxl-height":1281,"size_xl":"https:\/\/centrodearteoliva.pt\/wp-content\/uploads\/2022\/05\/din9253-editar-sergio-fernandes-1200x800.jpg","size_xl-width":1200,"size_xl-height":800,"size_lg":"https:\/\/centrodearteoliva.pt\/wp-content\/uploads\/2022\/05\/din9253-editar-sergio-fernandes-992x662.jpg","size_lg-width":992,"size_lg-height":662,"square":"https:\/\/centrodearteoliva.pt\/wp-content\/uploads\/2022\/05\/din9253-editar-sergio-fernandes-600x600.jpg","square-width":600,"square-height":600,"size_md":"https:\/\/centrodearteoliva.pt\/wp-content\/uploads\/2022\/05\/din9253-editar-sergio-fernandes-768x512.jpg","size_md-width":768,"size_md-height":512,"size_sm":"https:\/\/centrodearteoliva.pt\/wp-content\/uploads\/2022\/05\/din9253-editar-sergio-fernandes-576x384.jpg","size_sm-width":576,"size_sm-height":384,"size_small":"https:\/\/centrodearteoliva.pt\/wp-content\/uploads\/2022\/05\/din9253-editar-sergio-fernandes-300x200.jpg","size_small-width":300,"size_small-height":200}},{"ID":4427,"id":4427,"title":"_DIN9268-Editar_sergio fernandes","filename":"din9268-editar-sergio-fernandes.jpg","filesize":912669,"url":"https:\/\/centrodearteoliva.pt\/wp-content\/uploads\/2022\/05\/din9268-editar-sergio-fernandes.jpg","link":"https:\/\/centrodearteoliva.pt\/en\/din9268-editar-sergio-fernandes-2\/","alt":"","author":"3","description":"","caption":"","name":"din9268-editar-sergio-fernandes-2","status":"inherit","uploaded_to":0,"date":"2022-07-05 09:55:47","modified":"2023-12-11 15:22:38","menu_order":0,"mime_type":"image\/jpeg","type":"image","subtype":"jpeg","icon":"https:\/\/centrodearteoliva.pt\/wp-includes\/images\/media\/default.png","width":2048,"height":1366,"sizes":{"thumbnail":"https:\/\/centrodearteoliva.pt\/wp-content\/uploads\/2022\/05\/din9268-editar-sergio-fernandes-150x150.jpg","thumbnail-width":150,"thumbnail-height":150,"medium":"https:\/\/centrodearteoliva.pt\/wp-content\/uploads\/2022\/05\/din9268-editar-sergio-fernandes-300x200.jpg","medium-width":300,"medium-height":200,"medium_large":"https:\/\/centrodearteoliva.pt\/wp-content\/uploads\/2022\/05\/din9268-editar-sergio-fernandes-768x512.jpg","medium_large-width":640,"medium_large-height":427,"large":"https:\/\/centrodearteoliva.pt\/wp-content\/uploads\/2022\/05\/din9268-editar-sergio-fernandes-1024x683.jpg","large-width":640,"large-height":427,"1536x1536":"https:\/\/centrodearteoliva.pt\/wp-content\/uploads\/2022\/05\/din9268-editar-sergio-fernandes-1536x1025.jpg","1536x1536-width":1536,"1536x1536-height":1025,"2048x2048":"https:\/\/centrodearteoliva.pt\/wp-content\/uploads\/2022\/05\/din9268-editar-sergio-fernandes.jpg","2048x2048-width":2048,"2048x2048-height":1366,"size_4k":"https:\/\/centrodearteoliva.pt\/wp-content\/uploads\/2022\/05\/din9268-editar-sergio-fernandes.jpg","size_4k-width":2048,"size_4k-height":1366,"size_xxl":"https:\/\/centrodearteoliva.pt\/wp-content\/uploads\/2022\/05\/din9268-editar-sergio-fernandes-1920x1281.jpg","size_xxl-width":1920,"size_xxl-height":1281,"size_xl":"https:\/\/centrodearteoliva.pt\/wp-content\/uploads\/2022\/05\/din9268-editar-sergio-fernandes-1200x800.jpg","size_xl-width":1200,"size_xl-height":800,"size_lg":"https:\/\/centrodearteoliva.pt\/wp-content\/uploads\/2022\/05\/din9268-editar-sergio-fernandes-992x662.jpg","size_lg-width":992,"size_lg-height":662,"square":"https:\/\/centrodearteoliva.pt\/wp-content\/uploads\/2022\/05\/din9268-editar-sergio-fernandes-600x600.jpg","square-width":600,"square-height":600,"size_md":"https:\/\/centrodearteoliva.pt\/wp-content\/uploads\/2022\/05\/din9268-editar-sergio-fernandes-768x512.jpg","size_md-width":768,"size_md-height":512,"size_sm":"https:\/\/centrodearteoliva.pt\/wp-content\/uploads\/2022\/05\/din9268-editar-sergio-fernandes-576x384.jpg","size_sm-width":576,"size_sm-height":384,"size_small":"https:\/\/centrodearteoliva.pt\/wp-content\/uploads\/2022\/05\/din9268-editar-sergio-fernandes-300x200.jpg","size_small-width":300,"size_small-height":200}}]},{"acf_fc_layout":"flx_lyt__text_small","flx_lyt__text_small":"<p style=\"text-align: center;\">Exhibition views \u00a9 Dinis Santos<\/p>\n"}]},"exhib__booklet_download":false,"exhib__room-sheet_download":"https:\/\/centrodearteoliva.pt\/wp-content\/uploads\/2022\/05\/cao_folhadesala_web.pdf","exhib__dates":{"start":"18\/06\/2022","end":"02\/10\/2022"},"flx_lyt":[{"acf_fc_layout":"flx_lyt__text","flx_lyt__text":"<p><em>Fundo sem fundo [Endless depths]<\/em> presents more than thirty paintings created by S\u00e9rgio Fernandes in the framework of an artistic and research project dedicated to colour and visual perception. The exhibition displays works produced between 2021 and 2022, during the residency organised between his atelier and the Centro de Arte Oliva during which he extended work that he has been developing within the field of abstract painting, solely using a reduced chromatic range, concentrating primarily on reds, violets, blues and dark greens. The large rectangular compositions are structured in different areas of colour, that reveal effects of greater density or more atmospheric elements, involving almost imperceptible transitions. The spectator can see the result of the interaction of the pigments and the overlapping of different layers of colours and glazing, that give rise to other colours, which change in function of the light that falls on them and the spectator\u2019s position.   <\/p>\n"},{"acf_fc_layout":"flx_lyt__text_small","flx_lyt__text_small":"<p>The exhibition is supported by DGARTES\/Portuguese Republic. Held in partnership with the Art Center of S. Jo\u00e3o da Madeira\/Associa\u00e7\u00e3o Al\u00e3o de Morais.<\/p>\n"},{"acf_fc_layout":"flx_lyt__text_small","flx_lyt__text_small":"<p><strong>SIDE PROGRAM<br \/>\n<\/strong><\/p>\n<p>Guided tour with the artist<br \/>\n18 June | 6:00pm<br \/>\n<a href=\"https:\/\/centrodearteoliva.pt\/atividade\/visitas-a-hora-certa\/\">Visits guided<\/a> by the Educational Project<br \/>\n19 June | 17 July | 4 September | 3:00 pm<br \/>\nArtistic workshops with the artist within the scope of <a href=\"https:\/\/centrodearteoliva.pt\/atividade\/oficinas-de-exploracao-artistica\/\">Oficinas de explora\u00e7\u00e3o art\u00edstica<\/a><br \/>\n25th and 26th of July<br \/>\n<a href=\"https:\/\/centrodearteoliva.pt\/atividade\/conversa-com-sergio-fernandes\/\">Artist talk<\/a><br \/>\n23 September | 7:00pm<\/p>\n"},{"acf_fc_layout":"flx_lyt__text_small","flx_lyt__text_small":"<p><strong>S\u00e9rgio Fernandes<\/strong> (1985) has a B.A. degree in Visual Arts from the Faculty of Fine Arts of the University of Lisbon (2008) and a postgraduate degree in Visual Arts\/Visual Poetics from the School of Arts and Communication of the University of S\u00e3o Paulo (2012). In 2016 he attended an artistic residency at PIV\u00d4 Arte e Pesquisa, in S\u00e3o Paulo. His artistic research explores the direct relationship between light and colour and how this relationship is transposed to painting. He primarily works on large-scale oil paintings. His gouache works on paper present a more intimate side of his pictorial research. Solo exhibitions (selection): \u201cInside Here there are no stars\u201d, Kubikgallery, Porto (2019); \u201cUm Blue\u201d, Centro de Arte de Ponte de S\u00f4r (2018), \u201cSolitude\u201d, Kubikgallery, Porto (2016); \u201cThings Behind Somewhere\u201d, Espa\u00e7o Cultural Merc\u00eas, Lisbon (2014); \u201cO Homem Impulsivo\u201d (The Impulsive Man), Orfeu Bookshop, Brussels (2009).     <\/p>\n<p><strong>Andreia Magalh\u00e3es<\/strong> is a collection manager, programmer and exhibition producer. In Portugal, she has worked at Museu da Faculdade de Belas Artes, Museu Nacional de Soares dos Reis and the Serralves Museum of Contemporary Art. Magalh\u00e3es also worked at the Netherlands Media Art Institute \/MonteVideo, Museo Nacional Centro de Arte Reina Sofia, Museum of Modern Art New York and San Francisco and the Museum of Contemporary Art of the University of S\u00e3o Paulo. She has a PhD from the Faculty of Fine Arts of the University of Porto, having developed part of the doctoral program at the Museum of Modern Art in New York. She is an Associate Guest Lecturer at the Faculty of Fine Arts of the University of Porto.<\/p>\n"},{"acf_fc_layout":"flx_lyt__localvideo","flx_lyt__width":"medium","flx_lyt__localvideo__caption":"Visit to the exhibition by curator Andreia Magalh\u00e3es and artist S\u00e9rgio Fernandes","flx_lyt__localvideo__image":false,"flx_lyt__localvideo__video":"https:\/\/centrodearteoliva.pt\/wp-content\/uploads\/2022\/05\/Fundo-sem-Fundo-Se\u0301rgio-Fernandes-16.9.mp4"},{"acf_fc_layout":"flx_lyt__simple_slideshow","flx_lyt__width":"medium","flx_lyt__simple_slideshow":[{"ID":4423,"id":4423,"title":"_DIN9163-Editar_sergio fernandes","filename":"din9163-editar-sergio-fernandes.jpg","filesize":1022624,"url":"https:\/\/centrodearteoliva.pt\/wp-content\/uploads\/2022\/05\/din9163-editar-sergio-fernandes.jpg","link":"https:\/\/centrodearteoliva.pt\/en\/din9163-editar-sergio-fernandes-2\/","alt":"","author":"3","description":"","caption":"","name":"din9163-editar-sergio-fernandes-2","status":"inherit","uploaded_to":0,"date":"2022-07-05 09:55:36","modified":"2023-12-11 15:22:38","menu_order":0,"mime_type":"image\/jpeg","type":"image","subtype":"jpeg","icon":"https:\/\/centrodearteoliva.pt\/wp-includes\/images\/media\/default.png","width":2048,"height":1366,"sizes":{"thumbnail":"https:\/\/centrodearteoliva.pt\/wp-content\/uploads\/2022\/05\/din9163-editar-sergio-fernandes-150x150.jpg","thumbnail-width":150,"thumbnail-height":150,"medium":"https:\/\/centrodearteoliva.pt\/wp-content\/uploads\/2022\/05\/din9163-editar-sergio-fernandes-300x200.jpg","medium-width":300,"medium-height":200,"medium_large":"https:\/\/centrodearteoliva.pt\/wp-content\/uploads\/2022\/05\/din9163-editar-sergio-fernandes-768x512.jpg","medium_large-width":640,"medium_large-height":427,"large":"https:\/\/centrodearteoliva.pt\/wp-content\/uploads\/2022\/05\/din9163-editar-sergio-fernandes-1024x683.jpg","large-width":640,"large-height":427,"1536x1536":"https:\/\/centrodearteoliva.pt\/wp-content\/uploads\/2022\/05\/din9163-editar-sergio-fernandes-1536x1025.jpg","1536x1536-width":1536,"1536x1536-height":1025,"2048x2048":"https:\/\/centrodearteoliva.pt\/wp-content\/uploads\/2022\/05\/din9163-editar-sergio-fernandes.jpg","2048x2048-width":2048,"2048x2048-height":1366,"size_4k":"https:\/\/centrodearteoliva.pt\/wp-content\/uploads\/2022\/05\/din9163-editar-sergio-fernandes.jpg","size_4k-width":2048,"size_4k-height":1366,"size_xxl":"https:\/\/centrodearteoliva.pt\/wp-content\/uploads\/2022\/05\/din9163-editar-sergio-fernandes-1920x1281.jpg","size_xxl-width":1920,"size_xxl-height":1281,"size_xl":"https:\/\/centrodearteoliva.pt\/wp-content\/uploads\/2022\/05\/din9163-editar-sergio-fernandes-1200x800.jpg","size_xl-width":1200,"size_xl-height":800,"size_lg":"https:\/\/centrodearteoliva.pt\/wp-content\/uploads\/2022\/05\/din9163-editar-sergio-fernandes-992x662.jpg","size_lg-width":992,"size_lg-height":662,"square":"https:\/\/centrodearteoliva.pt\/wp-content\/uploads\/2022\/05\/din9163-editar-sergio-fernandes-600x600.jpg","square-width":600,"square-height":600,"size_md":"https:\/\/centrodearteoliva.pt\/wp-content\/uploads\/2022\/05\/din9163-editar-sergio-fernandes-768x512.jpg","size_md-width":768,"size_md-height":512,"size_sm":"https:\/\/centrodearteoliva.pt\/wp-content\/uploads\/2022\/05\/din9163-editar-sergio-fernandes-576x384.jpg","size_sm-width":576,"size_sm-height":384,"size_small":"https:\/\/centrodearteoliva.pt\/wp-content\/uploads\/2022\/05\/din9163-editar-sergio-fernandes-300x200.jpg","size_small-width":300,"size_small-height":200}},{"ID":4424,"id":4424,"title":"_DIN9166-Editar_sergio fernandes","filename":"din9166-editar-sergio-fernandes.jpg","filesize":782108,"url":"https:\/\/centrodearteoliva.pt\/wp-content\/uploads\/2022\/05\/din9166-editar-sergio-fernandes.jpg","link":"https:\/\/centrodearteoliva.pt\/en\/din9166-editar-sergio-fernandes-2\/","alt":"","author":"3","description":"","caption":"","name":"din9166-editar-sergio-fernandes-2","status":"inherit","uploaded_to":0,"date":"2022-07-05 09:55:38","modified":"2023-12-11 15:22:38","menu_order":0,"mime_type":"image\/jpeg","type":"image","subtype":"jpeg","icon":"https:\/\/centrodearteoliva.pt\/wp-includes\/images\/media\/default.png","width":2048,"height":1366,"sizes":{"thumbnail":"https:\/\/centrodearteoliva.pt\/wp-content\/uploads\/2022\/05\/din9166-editar-sergio-fernandes-150x150.jpg","thumbnail-width":150,"thumbnail-height":150,"medium":"https:\/\/centrodearteoliva.pt\/wp-content\/uploads\/2022\/05\/din9166-editar-sergio-fernandes-300x200.jpg","medium-width":300,"medium-height":200,"medium_large":"https:\/\/centrodearteoliva.pt\/wp-content\/uploads\/2022\/05\/din9166-editar-sergio-fernandes-768x512.jpg","medium_large-width":640,"medium_large-height":427,"large":"https:\/\/centrodearteoliva.pt\/wp-content\/uploads\/2022\/05\/din9166-editar-sergio-fernandes-1024x683.jpg","large-width":640,"large-height":427,"1536x1536":"https:\/\/centrodearteoliva.pt\/wp-content\/uploads\/2022\/05\/din9166-editar-sergio-fernandes-1536x1025.jpg","1536x1536-width":1536,"1536x1536-height":1025,"2048x2048":"https:\/\/centrodearteoliva.pt\/wp-content\/uploads\/2022\/05\/din9166-editar-sergio-fernandes.jpg","2048x2048-width":2048,"2048x2048-height":1366,"size_4k":"https:\/\/centrodearteoliva.pt\/wp-content\/uploads\/2022\/05\/din9166-editar-sergio-fernandes.jpg","size_4k-width":2048,"size_4k-height":1366,"size_xxl":"https:\/\/centrodearteoliva.pt\/wp-content\/uploads\/2022\/05\/din9166-editar-sergio-fernandes-1920x1281.jpg","size_xxl-width":1920,"size_xxl-height":1281,"size_xl":"https:\/\/centrodearteoliva.pt\/wp-content\/uploads\/2022\/05\/din9166-editar-sergio-fernandes-1200x800.jpg","size_xl-width":1200,"size_xl-height":800,"size_lg":"https:\/\/centrodearteoliva.pt\/wp-content\/uploads\/2022\/05\/din9166-editar-sergio-fernandes-992x662.jpg","size_lg-width":992,"size_lg-height":662,"square":"https:\/\/centrodearteoliva.pt\/wp-content\/uploads\/2022\/05\/din9166-editar-sergio-fernandes-600x600.jpg","square-width":600,"square-height":600,"size_md":"https:\/\/centrodearteoliva.pt\/wp-content\/uploads\/2022\/05\/din9166-editar-sergio-fernandes-768x512.jpg","size_md-width":768,"size_md-height":512,"size_sm":"https:\/\/centrodearteoliva.pt\/wp-content\/uploads\/2022\/05\/din9166-editar-sergio-fernandes-576x384.jpg","size_sm-width":576,"size_sm-height":384,"size_small":"https:\/\/centrodearteoliva.pt\/wp-content\/uploads\/2022\/05\/din9166-editar-sergio-fernandes-300x200.jpg","size_small-width":300,"size_small-height":200}},{"ID":4425,"id":4425,"title":"_DIN9248-Editar_sergio fernandes","filename":"din9248-editar-sergio-fernandes.jpg","filesize":867986,"url":"https:\/\/centrodearteoliva.pt\/wp-content\/uploads\/2022\/05\/din9248-editar-sergio-fernandes.jpg","link":"https:\/\/centrodearteoliva.pt\/en\/din9248-editar-sergio-fernandes-2\/","alt":"","author":"3","description":"","caption":"","name":"din9248-editar-sergio-fernandes-2","status":"inherit","uploaded_to":0,"date":"2022-07-05 09:55:40","modified":"2023-12-11 15:22:38","menu_order":0,"mime_type":"image\/jpeg","type":"image","subtype":"jpeg","icon":"https:\/\/centrodearteoliva.pt\/wp-includes\/images\/media\/default.png","width":2048,"height":1366,"sizes":{"thumbnail":"https:\/\/centrodearteoliva.pt\/wp-content\/uploads\/2022\/05\/din9248-editar-sergio-fernandes-150x150.jpg","thumbnail-width":150,"thumbnail-height":150,"medium":"https:\/\/centrodearteoliva.pt\/wp-content\/uploads\/2022\/05\/din9248-editar-sergio-fernandes-300x200.jpg","medium-width":300,"medium-height":200,"medium_large":"https:\/\/centrodearteoliva.pt\/wp-content\/uploads\/2022\/05\/din9248-editar-sergio-fernandes-768x512.jpg","medium_large-width":640,"medium_large-height":427,"large":"https:\/\/centrodearteoliva.pt\/wp-content\/uploads\/2022\/05\/din9248-editar-sergio-fernandes-1024x683.jpg","large-width":640,"large-height":427,"1536x1536":"https:\/\/centrodearteoliva.pt\/wp-content\/uploads\/2022\/05\/din9248-editar-sergio-fernandes-1536x1025.jpg","1536x1536-width":1536,"1536x1536-height":1025,"2048x2048":"https:\/\/centrodearteoliva.pt\/wp-content\/uploads\/2022\/05\/din9248-editar-sergio-fernandes.jpg","2048x2048-width":2048,"2048x2048-height":1366,"size_4k":"https:\/\/centrodearteoliva.pt\/wp-content\/uploads\/2022\/05\/din9248-editar-sergio-fernandes.jpg","size_4k-width":2048,"size_4k-height":1366,"size_xxl":"https:\/\/centrodearteoliva.pt\/wp-content\/uploads\/2022\/05\/din9248-editar-sergio-fernandes-1920x1281.jpg","size_xxl-width":1920,"size_xxl-height":1281,"size_xl":"https:\/\/centrodearteoliva.pt\/wp-content\/uploads\/2022\/05\/din9248-editar-sergio-fernandes-1200x800.jpg","size_xl-width":1200,"size_xl-height":800,"size_lg":"https:\/\/centrodearteoliva.pt\/wp-content\/uploads\/2022\/05\/din9248-editar-sergio-fernandes-992x662.jpg","size_lg-width":992,"size_lg-height":662,"square":"https:\/\/centrodearteoliva.pt\/wp-content\/uploads\/2022\/05\/din9248-editar-sergio-fernandes-600x600.jpg","square-width":600,"square-height":600,"size_md":"https:\/\/centrodearteoliva.pt\/wp-content\/uploads\/2022\/05\/din9248-editar-sergio-fernandes-768x512.jpg","size_md-width":768,"size_md-height":512,"size_sm":"https:\/\/centrodearteoliva.pt\/wp-content\/uploads\/2022\/05\/din9248-editar-sergio-fernandes-576x384.jpg","size_sm-width":576,"size_sm-height":384,"size_small":"https:\/\/centrodearteoliva.pt\/wp-content\/uploads\/2022\/05\/din9248-editar-sergio-fernandes-300x200.jpg","size_small-width":300,"size_small-height":200}},{"ID":4426,"id":4426,"title":"_DIN9253-Editar_sergio fernandes","filename":"din9253-editar-sergio-fernandes.jpg","filesize":1170857,"url":"https:\/\/centrodearteoliva.pt\/wp-content\/uploads\/2022\/05\/din9253-editar-sergio-fernandes.jpg","link":"https:\/\/centrodearteoliva.pt\/en\/din9253-editar-sergio-fernandes-3\/","alt":"","author":"3","description":"","caption":"","name":"din9253-editar-sergio-fernandes-3","status":"inherit","uploaded_to":0,"date":"2022-07-05 09:55:44","modified":"2023-12-11 15:22:38","menu_order":0,"mime_type":"image\/jpeg","type":"image","subtype":"jpeg","icon":"https:\/\/centrodearteoliva.pt\/wp-includes\/images\/media\/default.png","width":2048,"height":1366,"sizes":{"thumbnail":"https:\/\/centrodearteoliva.pt\/wp-content\/uploads\/2022\/05\/din9253-editar-sergio-fernandes-150x150.jpg","thumbnail-width":150,"thumbnail-height":150,"medium":"https:\/\/centrodearteoliva.pt\/wp-content\/uploads\/2022\/05\/din9253-editar-sergio-fernandes-300x200.jpg","medium-width":300,"medium-height":200,"medium_large":"https:\/\/centrodearteoliva.pt\/wp-content\/uploads\/2022\/05\/din9253-editar-sergio-fernandes-768x512.jpg","medium_large-width":640,"medium_large-height":427,"large":"https:\/\/centrodearteoliva.pt\/wp-content\/uploads\/2022\/05\/din9253-editar-sergio-fernandes-1024x683.jpg","large-width":640,"large-height":427,"1536x1536":"https:\/\/centrodearteoliva.pt\/wp-content\/uploads\/2022\/05\/din9253-editar-sergio-fernandes-1536x1025.jpg","1536x1536-width":1536,"1536x1536-height":1025,"2048x2048":"https:\/\/centrodearteoliva.pt\/wp-content\/uploads\/2022\/05\/din9253-editar-sergio-fernandes.jpg","2048x2048-width":2048,"2048x2048-height":1366,"size_4k":"https:\/\/centrodearteoliva.pt\/wp-content\/uploads\/2022\/05\/din9253-editar-sergio-fernandes.jpg","size_4k-width":2048,"size_4k-height":1366,"size_xxl":"https:\/\/centrodearteoliva.pt\/wp-content\/uploads\/2022\/05\/din9253-editar-sergio-fernandes-1920x1281.jpg","size_xxl-width":1920,"size_xxl-height":1281,"size_xl":"https:\/\/centrodearteoliva.pt\/wp-content\/uploads\/2022\/05\/din9253-editar-sergio-fernandes-1200x800.jpg","size_xl-width":1200,"size_xl-height":800,"size_lg":"https:\/\/centrodearteoliva.pt\/wp-content\/uploads\/2022\/05\/din9253-editar-sergio-fernandes-992x662.jpg","size_lg-width":992,"size_lg-height":662,"square":"https:\/\/centrodearteoliva.pt\/wp-content\/uploads\/2022\/05\/din9253-editar-sergio-fernandes-600x600.jpg","square-width":600,"square-height":600,"size_md":"https:\/\/centrodearteoliva.pt\/wp-content\/uploads\/2022\/05\/din9253-editar-sergio-fernandes-768x512.jpg","size_md-width":768,"size_md-height":512,"size_sm":"https:\/\/centrodearteoliva.pt\/wp-content\/uploads\/2022\/05\/din9253-editar-sergio-fernandes-576x384.jpg","size_sm-width":576,"size_sm-height":384,"size_small":"https:\/\/centrodearteoliva.pt\/wp-content\/uploads\/2022\/05\/din9253-editar-sergio-fernandes-300x200.jpg","size_small-width":300,"size_small-height":200}},{"ID":4427,"id":4427,"title":"_DIN9268-Editar_sergio fernandes","filename":"din9268-editar-sergio-fernandes.jpg","filesize":912669,"url":"https:\/\/centrodearteoliva.pt\/wp-content\/uploads\/2022\/05\/din9268-editar-sergio-fernandes.jpg","link":"https:\/\/centrodearteoliva.pt\/en\/din9268-editar-sergio-fernandes-2\/","alt":"","author":"3","description":"","caption":"","name":"din9268-editar-sergio-fernandes-2","status":"inherit","uploaded_to":0,"date":"2022-07-05 09:55:47","modified":"2023-12-11 15:22:38","menu_order":0,"mime_type":"image\/jpeg","type":"image","subtype":"jpeg","icon":"https:\/\/centrodearteoliva.pt\/wp-includes\/images\/media\/default.png","width":2048,"height":1366,"sizes":{"thumbnail":"https:\/\/centrodearteoliva.pt\/wp-content\/uploads\/2022\/05\/din9268-editar-sergio-fernandes-150x150.jpg","thumbnail-width":150,"thumbnail-height":150,"medium":"https:\/\/centrodearteoliva.pt\/wp-content\/uploads\/2022\/05\/din9268-editar-sergio-fernandes-300x200.jpg","medium-width":300,"medium-height":200,"medium_large":"https:\/\/centrodearteoliva.pt\/wp-content\/uploads\/2022\/05\/din9268-editar-sergio-fernandes-768x512.jpg","medium_large-width":640,"medium_large-height":427,"large":"https:\/\/centrodearteoliva.pt\/wp-content\/uploads\/2022\/05\/din9268-editar-sergio-fernandes-1024x683.jpg","large-width":640,"large-height":427,"1536x1536":"https:\/\/centrodearteoliva.pt\/wp-content\/uploads\/2022\/05\/din9268-editar-sergio-fernandes-1536x1025.jpg","1536x1536-width":1536,"1536x1536-height":1025,"2048x2048":"https:\/\/centrodearteoliva.pt\/wp-content\/uploads\/2022\/05\/din9268-editar-sergio-fernandes.jpg","2048x2048-width":2048,"2048x2048-height":1366,"size_4k":"https:\/\/centrodearteoliva.pt\/wp-content\/uploads\/2022\/05\/din9268-editar-sergio-fernandes.jpg","size_4k-width":2048,"size_4k-height":1366,"size_xxl":"https:\/\/centrodearteoliva.pt\/wp-content\/uploads\/2022\/05\/din9268-editar-sergio-fernandes-1920x1281.jpg","size_xxl-width":1920,"size_xxl-height":1281,"size_xl":"https:\/\/centrodearteoliva.pt\/wp-content\/uploads\/2022\/05\/din9268-editar-sergio-fernandes-1200x800.jpg","size_xl-width":1200,"size_xl-height":800,"size_lg":"https:\/\/centrodearteoliva.pt\/wp-content\/uploads\/2022\/05\/din9268-editar-sergio-fernandes-992x662.jpg","size_lg-width":992,"size_lg-height":662,"square":"https:\/\/centrodearteoliva.pt\/wp-content\/uploads\/2022\/05\/din9268-editar-sergio-fernandes-600x600.jpg","square-width":600,"square-height":600,"size_md":"https:\/\/centrodearteoliva.pt\/wp-content\/uploads\/2022\/05\/din9268-editar-sergio-fernandes-768x512.jpg","size_md-width":768,"size_md-height":512,"size_sm":"https:\/\/centrodearteoliva.pt\/wp-content\/uploads\/2022\/05\/din9268-editar-sergio-fernandes-576x384.jpg","size_sm-width":576,"size_sm-height":384,"size_small":"https:\/\/centrodearteoliva.pt\/wp-content\/uploads\/2022\/05\/din9268-editar-sergio-fernandes-300x200.jpg","size_small-width":300,"size_small-height":200}}]},{"acf_fc_layout":"flx_lyt__text_small","flx_lyt__text_small":"<p style=\"text-align: center;\">Exhibition views \u00a9 Dinis Santos<\/p>\n"}],"highlight__homepage_image_credits":"Exhibition view \u00a9 Dinis Santos","exhib__curatorship":"Andreia Magalh\u00e3es","exhib__room-sheet_text":"<p>Information sheet<\/p>\n"},"_links":{"self":[{"href":"https:\/\/centrodearteoliva.pt\/en\/wp-json\/wp\/v2\/exposicao\/5857","targetHints":{"allow":["GET"]}}],"collection":[{"href":"https:\/\/centrodearteoliva.pt\/en\/wp-json\/wp\/v2\/exposicao"}],"about":[{"href":"https:\/\/centrodearteoliva.pt\/en\/wp-json\/wp\/v2\/types\/exposicao"}],"wp:attachment":[{"href":"https:\/\/centrodearteoliva.pt\/en\/wp-json\/wp\/v2\/media?parent=5857"}],"wp:term":[{"taxonomy":"category","embeddable":true,"href":"https:\/\/centrodearteoliva.pt\/en\/wp-json\/wp\/v2\/categories?post=5857"}],"curies":[{"name":"wp","href":"https:\/\/api.w.org\/{rel}","templated":true}]}}